{"id":877,"date":"2023-05-11T07:14:51","date_gmt":"2023-05-11T07:14:51","guid":{"rendered":"http:\/\/hammerich-la.de\/?post_type=portfolio&#038;p=877"},"modified":"2023-05-11T07:14:51","modified_gmt":"2023-05-11T07:14:51","slug":"gruenes-viertel-stephansstift-hannover-kleefeld","status":"publish","type":"portfolio","link":"https:\/\/hammerich-la.de\/?portfolio=gruenes-viertel-stephansstift-hannover-kleefeld","title":{"rendered":"Gr\u00fcnes Viertel Stephansstift, Hannover Kleefeld"},"content":{"rendered":"<p>Entwurfsidee f\u00fcr den Innenhof ist es, eine entsprechend den angrenzenden Nutzungen robuste, zentrale Fl\u00e4che zu schaffen, die von jungen Menschen als Treffpunkt und f\u00fcr Sport- und Spiel genutzt werden kann. Die ausgebildete Topographie l\u00e4sst gleichzeitig die tempor\u00e4re Speicherung von Regenwasser auf der tiefsten Fl\u00e4che zu.<\/p>\n<p>Formal wird die Topographie als schollenartige Pflanz- und Aufenthaltsbereiche ausgebildet.<\/p>\n<p>Aufgrund der H\u00f6henlage der Tiefgaragendecke f\u00fchren barrierefreie Rampen zun\u00e4chst in den h\u00f6her gelegenen Innenhof. Um Baumpflanzungen zu realisieren werden Hochbeete mit einer 100 cm starker Substratschicht ausgebildet, sodass durch die H\u00f6hendifferenzierung und die Hochbeete die Privatsph\u00e4re der EG Wohnungen gew\u00e4hrleistet wird.<span class=\"Apple-converted-space\">\u00a0<\/span><\/p>\n<p>Die leicht versetzte Mitte des Hofes wird als abgesenkter, multifunktionaler Platz gestaltet und mit einem Sportbelag ausgestattet, als Erg\u00e4nzung zum gr\u00fcnen \u201eQuartiersplatz\u201c. Die ringsum aus der Tektur entstehenden Sitzstufen und Sitzbl\u00f6cke machen den Hofbereich zu einem attraktiven, informellen Aufenthaltsort. In der mittleren Zone k\u00f6nnen zudem Outdoorsportger\u00e4te platziert werden. Im Fall von Starkregen-Ereignissen kann die unterste Zone bis zu 45cm hoch \u00fcberflutet werden. Das Regenwasser wird dann \u00fcber die Baumrigolen in die Fl\u00e4che geleitet und von dort verz\u00f6gert und gedrosselt an das Kanalsystem abgef\u00fchrt.<span class=\"Apple-converted-space\">\u00a0<\/span><\/p>\n<p>Durch die differenzierten wohnungsbezogenen Freir\u00e4ume, vom Garten, \u00fcber den gemeinschaftlichen Dachgarten bis zum begr\u00fcnten Balkon im privaten Bereich einerseits, sowie anderseits den von Baumreihen begleiteten Gr\u00fcnverbindungen, vorbei an begr\u00fcnten Fassaden wird die Wohnqualit\u00e4t des \u201egr\u00fcnen Viertels\u201c gepr\u00e4gt, bei gleichzeitiger urbaner Dichte.<\/p>\n","protected":false},"excerpt":{"rendered":"<p>Entwurfsidee f\u00fcr den Innenhof ist es, eine entsprechend den angrenzenden Nutzungen robuste, zentrale Fl\u00e4che zu schaffen, die von jungen Menschen als Treffpunkt und f\u00fcr Sport- und Spiel genutzt werden kann. Die ausgebildete Topographie l\u00e4sst gleichzeitig die tempor\u00e4re Speicherung von Regenwasser auf der tiefsten Fl\u00e4che zu. Formal wird die Topographie als schollenartige Pflanz- und Aufenthaltsbereiche ausgebildet.&hellip;<\/p>\n","protected":false},"author":1,"featured_media":878,"comment_status":"closed","ping_status":"closed","template":"","meta":{"_acf_changed":false,"footnotes":""},"portfolio_category":[14],"portfolio_tag":[],"class_list":["post-877","portfolio","type-portfolio","status-publish","has-post-thumbnail","hentry","portfolio_category-wettbewerbe"],"acf":[],"_links":{"self":[{"href":"https:\/\/hammerich-la.de\/index.php?rest_route=\/wp\/v2\/portfolio\/877","targetHints":{"allow":["GET"]}}],"collection":[{"href":"https:\/\/hammerich-la.de\/index.php?rest_route=\/wp\/v2\/portfolio"}],"about":[{"href":"https:\/\/hammerich-la.de\/index.php?rest_route=\/wp\/v2\/types\/portfolio"}],"author":[{"embeddable":true,"href":"https:\/\/hammerich-la.de\/index.php?rest_route=\/wp\/v2\/users\/1"}],"replies":[{"embeddable":true,"href":"https:\/\/hammerich-la.de\/index.php?rest_route=%2Fwp%2Fv2%2Fcomments&post=877"}],"version-history":[{"count":3,"href":"https:\/\/hammerich-la.de\/index.php?rest_route=\/wp\/v2\/portfolio\/877\/revisions"}],"predecessor-version":[{"id":881,"href":"https:\/\/hammerich-la.de\/index.php?rest_route=\/wp\/v2\/portfolio\/877\/revisions\/881"}],"wp:featuredmedia":[{"embeddable":true,"href":"https:\/\/hammerich-la.de\/index.php?rest_route=\/wp\/v2\/media\/878"}],"wp:attachment":[{"href":"https:\/\/hammerich-la.de\/index.php?rest_route=%2Fwp%2Fv2%2Fmedia&parent=877"}],"wp:term":[{"taxonomy":"portfolio_category","embeddable":true,"href":"https:\/\/hammerich-la.de\/index.php?rest_route=%2Fwp%2Fv2%2Fportfolio_category&post=877"},{"taxonomy":"portfolio_tag","embeddable":true,"href":"https:\/\/hammerich-la.de\/index.php?rest_route=%2Fwp%2Fv2%2Fportfolio_tag&post=877"}],"curies":[{"name":"wp","href":"https:\/\/api.w.org\/{rel}","templated":true}]}}